{"id":2462,"date":"2024-05-15T14:15:38","date_gmt":"2024-05-15T12:15:38","guid":{"rendered":"https:\/\/asfaltart.it\/strassenkunst-festival\/strassenkunst-in-meran\/"},"modified":"2025-04-15T10:08:41","modified_gmt":"2025-04-15T08:08:41","slug":"artisti-di-strada-a-merano","status":"publish","type":"portfolio","link":"https:\/\/asfaltart.it\/it\/festival-arte-di-strada-merano\/artisti-di-strada-a-merano\/","title":{"rendered":"Artisti di strada a Merano"},"content":{"rendered":"<div id='full_slider_1'  class='avia-fullwidth-slider main_color avia-shadow   avia-builder-el-0  el_before_av_heading  avia-builder-el-first   container_wrap fullsize'  ><div  class='avia-slideshow av-hpokbb-086f6e01455decc5e6898b9d922c1db3 avia-slideshow-no scaling av_slideshow_full avia-slide-slider av-slideshow-ui av-control-hidden av-no-slider-navigation av-hide-nav-arrows av-slideshow-manual av-loop-once av-loop-manual-endless av-default-height-applied   avia-slideshow-1' data-slideshow-options=\"{&quot;animation&quot;:&quot;slide&quot;,&quot;autoplay&quot;:false,&quot;loop_autoplay&quot;:&quot;once&quot;,&quot;interval&quot;:5,&quot;loop_manual&quot;:&quot;manual-endless&quot;,&quot;autoplay_stopper&quot;:false,&quot;noNavigation&quot;:true,&quot;bg_slider&quot;:false,&quot;keep_padding&quot;:false,&quot;hoverpause&quot;:false,&quot;show_slide_delay&quot;:0}\"  itemprop=\"image\" itemscope=\"itemscope\" itemtype=\"https:\/\/schema.org\/ImageObject\" ><ul class='avia-slideshow-inner ' style='padding-bottom: 44.444444444444%;'><li  class='avia-slideshow-slide av-hpokbb-086f6e01455decc5e6898b9d922c1db3__0  av-single-slide slide-1 slide-odd'><div data-rel='slideshow-1' class='avia-slide-wrap '   ><img decoding=\"async\" fetchpriority=\"high\" class=\"wp-image-648 avia-img-lazy-loading-not-648\"  src=\"https:\/\/asfaltart.it\/wp-content\/uploads\/2021\/04\/1800x800_verordnung_20190606-P1025110.jpg\" width=\"1800\" height=\"800\" title='1800x800_verordnung_20190606-P1025110' alt=''  itemprop=\"thumbnailUrl\" srcset=\"https:\/\/asfaltart.it\/wp-content\/uploads\/2021\/04\/1800x800_verordnung_20190606-P1025110.jpg 1800w, https:\/\/asfaltart.it\/wp-content\/uploads\/2021\/04\/1800x800_verordnung_20190606-P1025110-300x133.jpg 300w, https:\/\/asfaltart.it\/wp-content\/uploads\/2021\/04\/1800x800_verordnung_20190606-P1025110-1030x458.jpg 1030w, https:\/\/asfaltart.it\/wp-content\/uploads\/2021\/04\/1800x800_verordnung_20190606-P1025110-768x341.jpg 768w, https:\/\/asfaltart.it\/wp-content\/uploads\/2021\/04\/1800x800_verordnung_20190606-P1025110-1536x683.jpg 1536w, https:\/\/asfaltart.it\/wp-content\/uploads\/2021\/04\/1800x800_verordnung_20190606-P1025110-1500x667.jpg 1500w, https:\/\/asfaltart.it\/wp-content\/uploads\/2021\/04\/1800x800_verordnung_20190606-P1025110-705x313.jpg 705w\" sizes=\"(max-width: 1800px) 100vw, 1800px\" \/><\/div><\/li><\/ul><\/div><\/div><div id='after_full_slider_1'  class='main_color av_default_container_wrap container_wrap fullsize'  ><div class='container av-section-cont-open' ><div class='template-page content  av-content-full alpha units'><div class='post-entry post-entry-type-page post-entry-2462'><div class='entry-content-wrapper clearfix'>\n\n<style type=\"text\/css\" data-created_by=\"avia_inline_auto\" id=\"style-css-av-dokl1j-09f07fd00f011d7d452c51ae25975b69\">\n#top .av-special-heading.av-dokl1j-09f07fd00f011d7d452c51ae25975b69{\nmargin:-10px 0 0 0;\npadding-bottom:20px;\nfont-size:60px;\n}\nbody .av-special-heading.av-dokl1j-09f07fd00f011d7d452c51ae25975b69 .av-special-heading-tag .heading-char{\nfont-size:25px;\n}\n#top #wrap_all .av-special-heading.av-dokl1j-09f07fd00f011d7d452c51ae25975b69 .av-special-heading-tag{\nfont-size:60px;\n}\n.av-special-heading.av-dokl1j-09f07fd00f011d7d452c51ae25975b69 .av-subheading{\nfont-size:30px;\n}\n\n@media only screen and (min-width: 480px) and (max-width: 767px){ \n#top #wrap_all .av-special-heading.av-dokl1j-09f07fd00f011d7d452c51ae25975b69 .av-special-heading-tag{\nfont-size:0.8em;\n}\n}\n\n@media only screen and (max-width: 479px){ \n#top #wrap_all .av-special-heading.av-dokl1j-09f07fd00f011d7d452c51ae25975b69 .av-special-heading-tag{\nfont-size:0.8em;\n}\n}\n<\/style>\n<div  class='av-special-heading av-dokl1j-09f07fd00f011d7d452c51ae25975b69 av-special-heading-h1 blockquote modern-quote modern-centered  avia-builder-el-1  el_after_av_slideshow_full  el_before_av_textblock  avia-builder-el-first  av-inherit-size'><div class='av-subheading av-subheading_above'><p>Regolamento per la valorizzazione e la disciplina dell\u2019Arte di strada<\/p>\n<\/div><h1 class='av-special-heading-tag '  itemprop=\"headline\"  >Artisti di strada a Merano<\/h1><div class=\"special-heading-border\"><div class=\"special-heading-inner-border\"><\/div><\/div><\/div>\n<section  class='av_textblock_section av-bzd81z-fbd01c2757eb1705527155957f337c4c '   itemscope=\"itemscope\" itemtype=\"https:\/\/schema.org\/CreativeWork\" ><div class='avia_textblock'  itemprop=\"text\" ><p><strong>Clown, ritrattisti, cantanti, giocolieri, statue viventi e mangiafuoco: dal 1\u00b0 dicembre 2016 chi vorr\u00e0 esibirsi per le vie o nelle piazze meranesi, avr\u00e0 vita pi\u00f9 facile. Meno burocrazia, meno restrizioni e, soprattutto, potr\u00e0 farlo senza chiedere l\u2019autorizzazione e pagare le necessarie marche da bollo.<\/strong><\/p>\n<p>\u201cNon solo il centro citt\u00e0 ma anche i quartieri trarranno vantaggio da questo provvedimento\u201c, ha spiegato il vicesindaco Rossi. Il regolamento \u2013 che verr\u00e0 sottoposto al Consiglio comunale per la definitiva approvazione entro la fine di ottobre -prevede le seguenti novit\u00e0:<\/p>\n<ul>\n<li>ogni artista dovr\u00e0 comunicare alla Polizia municipale, almeno tre giorni prima dell\u2019esibizione, il giorno e il luogo in cui intende dare libera espressione al proprio talento e non potr\u00e0 esibirsi nello stesso posto per pi\u00f9 di quattro volte al mese;<\/li>\n<li>per la performance avr\u00e0 a disposizione due metri quadrati e un\u2019ora e mezza di tempo;<\/li>\n<li>i luoghi ufficialmente deputati a ospitare l\u2019arte di strada sono: piazza del Grano, piazza della Rena, le scalinate che portano al <a href=\"https:\/\/www.comune.merano.bz.it\/it\/Passeggiata_Lungopassirio_1\" target=\"_blank\" rel=\"noopener\">Lungopassirio<\/a>, la <a href=\"https:\/\/www.visitmerano.it\/merano\/wandelhalle-merano\/\" target=\"_blank\" rel=\"noopener\">Wandelhalle<\/a>, le vie del <a href=\"https:\/\/www.visitmerano.it\/merano\/rione-steinach\/\" target=\"_blank\" rel=\"noopener\">rione Steinach<\/a>, via Galilei all\u2019altezza del <a href=\"https:\/\/www.visitmerano.it\/merano\/castello-principesco-merano\/\" target=\"_blank\" rel=\"noopener\">castello Principesc<\/a>o, piazza <a href=\"https:\/\/www.merano-suedtirol.it\/it\/merano\/citta-cultura\/il-territorio-le-persone\/visite-guidate-con-lo-smartphone\/via-delle-fontane\/piazza-duomo-1800.html\" target=\"_blank\" rel=\"noopener\">Duomo superiore<\/a>, l\u2019incrocio via Portici\/via Cassa di Risparmio, l\u2019incrocio via Cassa di Risparmio\/corso Libert\u00e0, il parco del castello Principesco, piazza Fontana, la galleria Ariston, piazza Vittorio Veneto a Sinigo, l\u2019angolo via Huber\/via Mainardo, il parcheggio antistante il circolo tennis, lo spazio davanti alla chiesa di Maia Bassa, il parco giochi del quartiere San Vigilio.<\/li>\n<\/ul>\n<\/div><\/section>\n\n<style type=\"text\/css\" data-created_by=\"avia_inline_auto\" id=\"style-css-av-14j7zr-6b0344845e08597410aa386d3c81de14\">\n.flex_column.av-14j7zr-6b0344845e08597410aa386d3c81de14{\nborder-radius:0px 0px 0px 0px;\npadding:0px 0px 0px 0px;\n}\n<\/style>\n<div  class='flex_column av-14j7zr-6b0344845e08597410aa386d3c81de14 av_one_third  avia-builder-el-3  el_after_av_textblock  el_before_av_one_full  first flex_column_div av-zero-column-padding  column-top-margin'     ><style type=\"text\/css\" data-created_by=\"avia_inline_auto\" id=\"style-css-av-97potj-23b3c54fa34fdab64b670d6a6f4f6010\">\n.iconbox.av-97potj-23b3c54fa34fdab64b670d6a6f4f6010 .iconbox_icon{\nbackground-color:#58b0b7;\ncolor:#ffffff;\n}\n.iconbox.av-97potj-23b3c54fa34fdab64b670d6a6f4f6010 .iconbox_icon.avia-svg-icon svg:first-child{\nfill:#ffffff;\nstroke:#ffffff;\n}\n<\/style>\n<article  class='iconbox iconbox_left av-97potj-23b3c54fa34fdab64b670d6a6f4f6010  avia-builder-el-4  avia-builder-el-no-sibling '  itemscope=\"itemscope\" itemtype=\"https:\/\/schema.org\/CreativeWork\" ><div class=\"iconbox_content\"><header class=\"entry-content-header\" aria-label=\"Icona: Download\"><div class='iconbox_icon heading-color avia-iconfont avia-font-entypo-fontello' data-av_icon='\ue84b' data-av_iconfont='entypo-fontello' title=\"Download\" desc=\"Download\" ><\/div><h3 class='iconbox_content_title '  itemprop=\"headline\" ><a href='https:\/\/asfaltart.it\/wp-content\/uploads\/2021\/05\/Regolamento_Arte-di-strada.pdf' title='Download'  target=\"_blank\"  rel=\"noopener noreferrer\" >Download<\/a><\/h3><\/header><div class='iconbox_content_container '  itemprop=\"text\" ><p>Regolamento per la valorizzazione dell\u2019Arte di strada<\/p>\n<\/div><\/div><footer class=\"entry-footer\"><\/footer><\/article><\/div>\n\n<style type=\"text\/css\" data-created_by=\"avia_inline_auto\" id=\"style-css-av-3s1lmm-0fed0fb2b5774d4b285bce9c35d3a062\">\n.flex_column.av-3s1lmm-0fed0fb2b5774d4b285bce9c35d3a062{\nborder-radius:0px 0px 0px 0px;\npadding:0px 0px 0px 0px;\n}\n<\/style>\n<div  class='flex_column av-3s1lmm-0fed0fb2b5774d4b285bce9c35d3a062 av_one_full  avia-builder-el-5  el_after_av_one_third  el_before_av_sidebar  first flex_column_div av-zero-column-padding  column-top-margin'     ><div id='av-masonry-1' class='av-masonry av-34j6y6-e36425521bd693ee076d12d3149741c8 noHover av-fixed-size av-1px-gap av-hover-overlay-active av-masonry-animation-active av-masonry-col-4 av-caption-always av-caption-style- av-masonry-entries ' data-post_id=\"2462\"><div class=\"av-masonry-container isotope av-js-disabled\"><div class='av-masonry-entry isotope-item av-masonry-item-no-image '><\/div><a href=\"https:\/\/asfaltart.it\/it\/festival-arte-di-strada-merano\/programma\/\"  id='av-masonry-1-item-3491' data-av-masonry-item='3491' class='av-masonry-entry isotope-item post-3491 portfolio type-portfolio status-publish has-post-thumbnail hentry tag-kuenstler tag-programm portfolio_entries-1programm  av-masonry-item-with-image' title=\"kacheln10\"   itemscope=\"itemscope\" itemtype=\"https:\/\/schema.org\/CreativeWork\" ><div class='av-inner-masonry-sizer'><\/div><figure class='av-inner-masonry main_color'><div class=\"av-masonry-outerimage-container\"><div class='av-masonry-image-container' style=\"background-image: url(https:\/\/asfaltart.it\/wp-content\/uploads\/2021\/05\/kacheln10-705x562.png);\"  title=\"kacheln10\" ><\/div><\/div><\/figure><\/a><!--end av-masonry entry--><a href=\"https:\/\/asfaltart.it\/it\/festival-arte-di-strada-merano\/asfaltart-news\/\"  id='av-masonry-1-item-2779' data-av-masonry-item='2779' class='av-masonry-entry isotope-item post-2779 portfolio type-portfolio status-publish has-post-thumbnail hentry portfolio_entries-asfaltart-news-it  av-masonry-item-with-image' title=\"asfaltart_2021_news_logo_neu_640x510px\"   itemscope=\"itemscope\" itemtype=\"https:\/\/schema.org\/CreativeWork\" ><div class='av-inner-masonry-sizer'><\/div><figure class='av-inner-masonry main_color'><div class=\"av-masonry-outerimage-container\"><div class='av-masonry-image-container' style=\"background-image: url(https:\/\/asfaltart.it\/wp-content\/uploads\/2021\/05\/asfaltart_2021_news_logo_neu_640x510px-705x562.png);\"  title=\"asfaltart_2021_news_logo_neu_640x510px\" ><\/div><\/div><\/figure><\/a><!--end av-masonry entry--><a href=\"https:\/\/asfaltart.it\/it\/festival-arte-di-strada-merano\/impressioni\/\"  id='av-masonry-1-item-2477' data-av-masonry-item='2477' class='av-masonry-entry isotope-item post-2477 portfolio type-portfolio status-publish has-post-thumbnail hentry portfolio_entries-impressions-it  av-masonry-item-with-image' title=\"kacheln12\"   itemscope=\"itemscope\" itemtype=\"https:\/\/schema.org\/CreativeWork\" ><div class='av-inner-masonry-sizer'><\/div><figure class='av-inner-masonry main_color'><div class=\"av-masonry-outerimage-container\"><div class='av-masonry-image-container' style=\"background-image: url(https:\/\/asfaltart.it\/wp-content\/uploads\/2021\/04\/kacheln12-705x562.png);\"  title=\"kacheln12\" ><\/div><\/div><\/figure><\/a><!--end av-masonry entry--><a href=\"https:\/\/asfaltart.it\/it\/festival-arte-di-strada-merano\/artisti-di-strada-a-merano\/\"  id='av-masonry-1-item-2462' data-av-masonry-item='2462' class='av-masonry-entry isotope-item post-2462 portfolio type-portfolio status-publish has-post-thumbnail hentry portfolio_entries-strassenkunst-in-meran-it  av-masonry-item-with-image' title=\"kacheln11\"   itemscope=\"itemscope\" itemtype=\"https:\/\/schema.org\/CreativeWork\" ><div class='av-inner-masonry-sizer'><\/div><figure class='av-inner-masonry main_color'><div class=\"av-masonry-outerimage-container\"><div class='av-masonry-image-container' style=\"background-image: url(https:\/\/asfaltart.it\/wp-content\/uploads\/2021\/05\/kacheln11-705x562.png);\"  title=\"kacheln11\" ><\/div><\/div><\/figure><\/a><!--end av-masonry entry--><a href=\"https:\/\/asfaltart.it\/it\/festival-arte-di-strada-merano\/contatto\/\"  id='av-masonry-1-item-2458' data-av-masonry-item='2458' class='av-masonry-entry isotope-item post-2458 portfolio type-portfolio status-publish has-post-thumbnail hentry portfolio_entries-kontakt-it  av-masonry-item-with-image' title=\"kacheln7\"   itemscope=\"itemscope\" itemtype=\"https:\/\/schema.org\/CreativeWork\" ><div class='av-inner-masonry-sizer'><\/div><figure class='av-inner-masonry main_color'><div class=\"av-masonry-outerimage-container\"><div class='av-masonry-image-container' style=\"background-image: url(https:\/\/asfaltart.it\/wp-content\/uploads\/2021\/05\/kacheln7-705x562.png);\"  title=\"kacheln7\" ><\/div><\/div><\/figure><\/a><!--end av-masonry entry--><a href=\"https:\/\/asfaltart.it\/it\/festival-arte-di-strada-merano\/partner\/\"  id='av-masonry-1-item-2454' data-av-masonry-item='2454' class='av-masonry-entry isotope-item post-2454 portfolio type-portfolio status-publish has-post-thumbnail hentry portfolio_entries-partner-it  av-masonry-item-with-image' title=\"kacheln8\"   itemscope=\"itemscope\" itemtype=\"https:\/\/schema.org\/CreativeWork\" ><div class='av-inner-masonry-sizer'><\/div><figure class='av-inner-masonry main_color'><div class=\"av-masonry-outerimage-container\"><div class='av-masonry-image-container' style=\"background-image: url(https:\/\/asfaltart.it\/wp-content\/uploads\/2021\/05\/kacheln8-705x562.png);\"  title=\"kacheln8\" ><\/div><\/div><\/figure><\/a><!--end av-masonry entry--><a href=\"https:\/\/asfaltart.it\/it\/festival-arte-di-strada-merano\/comunicati-stampa\/\"  id='av-masonry-1-item-2450' data-av-masonry-item='2450' class='av-masonry-entry isotope-item post-2450 portfolio type-portfolio status-publish has-post-thumbnail hentry portfolio_entries-presse-it  av-masonry-item-with-image' title=\"kacheln9\"   itemscope=\"itemscope\" itemtype=\"https:\/\/schema.org\/CreativeWork\" ><div class='av-inner-masonry-sizer'><\/div><figure class='av-inner-masonry main_color'><div class=\"av-masonry-outerimage-container\"><div class='av-masonry-image-container' style=\"background-image: url(https:\/\/asfaltart.it\/wp-content\/uploads\/2021\/05\/kacheln9-705x562.png);\"  title=\"kacheln9\" ><\/div><\/div><\/figure><\/a><!--end av-masonry entry--><a href=\"https:\/\/asfaltart.it\/it\/festival-arte-di-strada-merano\/green-event\/\"  id='av-masonry-1-item-2441' data-av-masonry-item='2441' class='av-masonry-entry isotope-item post-2441 portfolio type-portfolio status-publish has-post-thumbnail hentry portfolio_entries-green-event-it  av-masonry-item-with-image' title=\"kacheln3\"   itemscope=\"itemscope\" itemtype=\"https:\/\/schema.org\/CreativeWork\" ><div class='av-inner-masonry-sizer'><\/div><figure class='av-inner-masonry main_color'><div class=\"av-masonry-outerimage-container\"><div class='av-masonry-image-container' style=\"background-image: url(https:\/\/asfaltart.it\/wp-content\/uploads\/2021\/05\/kacheln3-705x562.png);\"  title=\"kacheln3\" ><\/div><\/div><\/figure><\/a><!--end av-masonry entry--><a href=\"https:\/\/asfaltart.it\/it\/festival-arte-di-strada-merano\/merchandising\/\"  id='av-masonry-1-item-2437' data-av-masonry-item='2437' class='av-masonry-entry isotope-item post-2437 portfolio type-portfolio status-publish has-post-thumbnail hentry portfolio_entries-merchandising-it  av-masonry-item-with-image' title=\"kacheln2\"   itemscope=\"itemscope\" itemtype=\"https:\/\/schema.org\/CreativeWork\" ><div class='av-inner-masonry-sizer'><\/div><figure class='av-inner-masonry main_color'><div class=\"av-masonry-outerimage-container\"><div class='av-masonry-image-container' style=\"background-image: url(https:\/\/asfaltart.it\/wp-content\/uploads\/2021\/05\/kacheln2-705x562.png);\"  title=\"kacheln2\" ><\/div><\/div><\/figure><\/a><!--end av-masonry entry--><a href=\"https:\/\/asfaltart.it\/it\/festival-arte-di-strada-merano\/team\/\"  id='av-masonry-1-item-2431' data-av-masonry-item='2431' class='av-masonry-entry isotope-item post-2431 portfolio type-portfolio status-publish has-post-thumbnail hentry portfolio_entries-team-it  av-masonry-item-with-image' title=\"kacheln4\"   itemscope=\"itemscope\" itemtype=\"https:\/\/schema.org\/CreativeWork\" ><div class='av-inner-masonry-sizer'><\/div><figure class='av-inner-masonry main_color'><div class=\"av-masonry-outerimage-container\"><div class='av-masonry-image-container' style=\"background-image: url(https:\/\/asfaltart.it\/wp-content\/uploads\/2021\/04\/kacheln4-4-705x562.png);\"  title=\"kacheln4\" ><\/div><\/div><\/figure><\/a><!--end av-masonry entry--><a href=\"https:\/\/asfaltart.it\/it\/festival-arte-di-strada-merano\/piantina-come-raggiungerci\/\"  id='av-masonry-1-item-2416' data-av-masonry-item='2416' class='av-masonry-entry isotope-item post-2416 portfolio type-portfolio status-publish has-post-thumbnail hentry portfolio_entries-lageplan-anfahrt-it-2  av-masonry-item-with-image' title=\"kacheln5\"   itemscope=\"itemscope\" itemtype=\"https:\/\/schema.org\/CreativeWork\" ><div class='av-inner-masonry-sizer'><\/div><figure class='av-inner-masonry main_color'><div class=\"av-masonry-outerimage-container\"><div class='av-masonry-image-container' style=\"background-image: url(https:\/\/asfaltart.it\/wp-content\/uploads\/2021\/05\/kacheln5-705x562.png);\"  title=\"kacheln5\" ><\/div><\/div><\/figure><\/a><!--end av-masonry entry--><a href=\"https:\/\/asfaltart.it\/it\/festival-arte-di-strada-merano\/about-us\/\"  id='av-masonry-1-item-2371' data-av-masonry-item='2371' class='av-masonry-entry isotope-item post-2371 portfolio type-portfolio status-publish has-post-thumbnail hentry portfolio_entries-about-us-it  av-masonry-item-with-image' title=\"kacheln\"   itemscope=\"itemscope\" itemtype=\"https:\/\/schema.org\/CreativeWork\" ><div class='av-inner-masonry-sizer'><\/div><figure class='av-inner-masonry main_color'><div class=\"av-masonry-outerimage-container\"><div class='av-masonry-image-container' style=\"background-image: url(https:\/\/asfaltart.it\/wp-content\/uploads\/2021\/05\/kacheln-705x562.png);\"  title=\"kacheln\" ><\/div><\/div><\/figure><\/a><!--end av-masonry entry--><\/div><\/div><\/div>\n<div  class='avia-builder-widget-area clearfix  avia-builder-el-7  el_after_av_one_full  avia-builder-el-last '><div id=\"text-8\" class=\"widget clearfix widget_text\"><h3 class=\"widgettitle\">Ringraziamo i nostri sponsor<\/h3>\t\t\t<div class=\"textwidget\"><div  class='avia-logo-element-container av-1d70zdk-26fed8863f636312c28a6bb23e325e66 av-border-deactivate avia-logo-slider avia-content-slider avia-smallarrow-slider avia-content-slider-active noHover avia-content-slider-even av-slideshow-ui av-control-hidden av-nav-arrows-visible av-nav-dots-visible av-no-slider-navigation av-hide-nav-arrows av-slideshow-autoplay av-loop-endless av-loop-manual-endless avia-content-slider1' data-slideshow-options=\"{&quot;animation&quot;:&quot;slide&quot;,&quot;autoplay&quot;:true,&quot;loop_autoplay&quot;:&quot;endless&quot;,&quot;interval&quot;:5,&quot;loop_manual&quot;:&quot;manual-endless&quot;,&quot;autoplay_stopper&quot;:false,&quot;noNavigation&quot;:true,&quot;bg_slider&quot;:false,&quot;keep_padding&quot;:&quot;&quot;,&quot;hoverpause&quot;:false,&quot;show_slide_delay&quot;:0}\"><div class='avia-smallarrow-slider-heading  no-logo-slider-heading '><\/div><div class=\"avia-content-slider-inner\"><div class=\"slide-entry-wrap\"><div  class='slide-entry av-1beoo14-38ce7231ac521a46887d96708aa93ec9 flex_column no_margin av_one_sixth real-thumbnail post-entry slide-entry-overview slide-loop-1 slide-parity-odd  first'><a href=\"https:\/\/www.gemeinde.meran.bz.it\/de\" data-rel='slide-1' class='slide-image' title=''  target=\"_blank\"  rel=\"noopener noreferrer\"><span class='av-partner-fake-img' style='padding-bottom:50%; background-image:url(https:\/\/asfaltart.it\/wp-content\/uploads\/2025\/04\/asfaltart_sponsor-2025-gemeinde-300x150.png);'><\/span><\/a><\/div><div  class='slide-entry av-19zvyp4-275d0d7826317343613a41e6edbb5e9c flex_column no_margin av_one_sixth real-thumbnail post-entry slide-entry-overview slide-loop-2 slide-parity-even  '><a href=\"https:\/\/www.provinz.bz.it\/de\/default.asp\" data-rel='slide-1' class='slide-image' title=''  target=\"_blank\"  rel=\"noopener noreferrer\"><span class='av-partner-fake-img' style='padding-bottom:50%; background-image:url(https:\/\/asfaltart.it\/wp-content\/uploads\/2025\/04\/asfaltart_sponsor-2025-provinz-300x150.png);'><\/span><\/a><\/div><div  class='slide-entry av-179n860-845de35c656b1d063048179af89b5db2 flex_column no_margin av_one_sixth real-thumbnail post-entry slide-entry-overview slide-loop-3 slide-parity-odd  '><a href=\"http:\/\/www.regione.taa.it\/\" data-rel='slide-1' class='slide-image' title=''  target=\"_blank\"  rel=\"noopener noreferrer\"><span class='av-partner-fake-img' style='padding-bottom:50%; background-image:url(https:\/\/asfaltart.it\/wp-content\/uploads\/2025\/04\/asfaltart_sponsor-2025-region-300x150.png);'><\/span><\/a><\/div><div  class='slide-entry av-45nn2w-f7440616864ad3cfaccf0e004a2f42cc flex_column no_margin av_one_sixth real-thumbnail post-entry slide-entry-overview slide-loop-4 slide-parity-even  '><a href=\"https:\/\/www.stiftungsparkasse.it\/\" data-rel='slide-1' class='slide-image' title=''  target=\"_blank\"  rel=\"noopener noreferrer\"><span class='av-partner-fake-img' style='padding-bottom:50%; background-image:url(https:\/\/asfaltart.it\/wp-content\/uploads\/2025\/04\/asfaltart_sponsor-2025-stiftungsparkasse-300x150.png);'><\/span><\/a><\/div><div  class='slide-entry av-14dmss8-a45fa2835c8fb8da1a5d87f482c1503a flex_column no_margin av_one_sixth real-thumbnail post-entry slide-entry-overview slide-loop-5 slide-parity-odd  '><a href=\"https:\/\/www.alperia.eu\/it\" data-rel='slide-1' class='slide-image' title=''  target=\"_blank\"  rel=\"noopener noreferrer\"><span class='av-partner-fake-img' style='padding-bottom:50%; background-image:url(https:\/\/asfaltart.it\/wp-content\/uploads\/2025\/06\/alperia-2025-300x150.png);'><\/span><\/a><\/div><div  class='slide-entry av-12vipm0-dfa27618ceffae4a3f5de4dfa367e526 flex_column no_margin av_one_sixth real-thumbnail post-entry slide-entry-overview slide-loop-6 slide-parity-even  '><a href=\"https:\/\/www.merano-suedtirol.it\/de\/meran.html\" data-rel='slide-1' class='slide-image' title=''  target=\"_blank\"  rel=\"noopener noreferrer\"><span class='av-partner-fake-img' style='padding-bottom:50%; background-image:url(https:\/\/asfaltart.it\/wp-content\/uploads\/2025\/03\/Marke_Meran_-_Marchio_Merano-2025-300x150.png);'><\/span><\/a><\/div><\/div><div class=\"slide-entry-wrap\"><div  class='slide-entry av-10wwwzc-2efccfa9045ff11a317c3b36ca715831 flex_column no_margin av_one_sixth real-thumbnail post-entry slide-entry-overview slide-loop-7 slide-parity-odd  first'><a href=\"http:\/\/www.sparkasse.it\" data-rel='slide-1' class='slide-image' title=''  target=\"_blank\"  rel=\"noopener noreferrer\"><span class='av-partner-fake-img' style='padding-bottom:50%; background-image:url(https:\/\/asfaltart.it\/wp-content\/uploads\/2025\/04\/asfaltart_sponsor-2025-sparkasse-300x150.png);'><\/span><\/a><\/div><div  class='slide-entry av-101dl2g-927b8b343dc768dcc2f0255ab0bf101f flex_column no_margin av_one_sixth real-thumbnail post-entry slide-entry-overview slide-loop-8 slide-parity-even  '><a href=\"https:\/\/www.raiffeisen.it\/de\/meran.html\" data-rel='slide-1' class='slide-image' title=''  target=\"_blank\"  rel=\"noopener noreferrer\"><span class='av-partner-fake-img' style='padding-bottom:50%; background-image:url(https:\/\/asfaltart.it\/wp-content\/uploads\/2025\/04\/240520-Raiffeisen-Meran-Logo-RGB-300x150.jpg);'><\/span><\/a><\/div><div  class='slide-entry av-y06ro8-a45922e44bf90fe10d0519885a00d2ec flex_column no_margin av_one_sixth real-thumbnail post-entry slide-entry-overview slide-loop-9 slide-parity-odd  '><a href=\"https:\/\/www.volksbank.it\" data-rel='slide-1' class='slide-image' title=''  target=\"_blank\"  rel=\"noopener noreferrer\"><span class='av-partner-fake-img' style='padding-bottom:50%; background-image:url(https:\/\/asfaltart.it\/wp-content\/uploads\/2025\/04\/asfaltart_sponsor-2025-volksbank-300x150.png);'><\/span><\/a><\/div><div  class='slide-entry av-vst1l4-e503256bdfd05a5a9ccf13e578f7f6f1 flex_column no_margin av_one_sixth real-thumbnail post-entry slide-entry-overview slide-loop-10 slide-parity-even  '><a href=\"https:\/\/www.suedtirol.info\/de\" data-rel='slide-1' class='slide-image' title=''  target=\"_blank\"  rel=\"noopener noreferrer\"><span class='av-partner-fake-img' style='padding-bottom:50%; background-image:url(https:\/\/asfaltart.it\/wp-content\/uploads\/2025\/04\/asfaltart_sponsor-2025-suedtirol-300x150.png);'><\/span><\/a><\/div><div  class='slide-entry av-v5uzxk-7dc7132d17b0b0ea80648f0b93808d57 flex_column no_margin av_one_sixth real-thumbnail post-entry slide-entry-overview slide-loop-11 slide-parity-odd  '><a href=\"https:\/\/www.hgv.it\/\" data-rel='slide-1' class='slide-image' title=''  target=\"_blank\"  rel=\"noopener noreferrer\"><span class='av-partner-fake-img' style='padding-bottom:50%; background-image:url(https:\/\/asfaltart.it\/wp-content\/uploads\/2025\/04\/asfaltart_sponsor-2025-hgv-300x150.png);'><\/span><\/a><\/div><div  class='slide-entry av-t26l88-f2fb71789084a14882bc1935361727e0 flex_column no_margin av_one_sixth real-thumbnail post-entry slide-entry-overview slide-loop-12 slide-parity-even  '><a href=\"https:\/\/www.merano-suedtirol.it\/de\/schenna.html\" data-rel='slide-1' class='slide-image' title=''  target=\"_blank\"  rel=\"noopener noreferrer\"><span class='av-partner-fake-img' style='padding-bottom:50%; background-image:url(https:\/\/asfaltart.it\/wp-content\/uploads\/2025\/04\/asfaltart_sponsor-2025-schenna-300x150.png);'><\/span><\/a><\/div><\/div><div class=\"slide-entry-wrap\"><div  class='slide-entry av-rdaswo-006f6109f1725e4426a5364dfa43494c flex_column no_margin av_one_sixth real-thumbnail post-entry slide-entry-overview slide-loop-13 slide-parity-odd  first'><a href=\"https:\/\/www.merano-suedtirol.it\/de\/dorf-tirol.html\" data-rel='slide-1' class='slide-image' title=''  target=\"_blank\"  rel=\"noopener noreferrer\"><span class='av-partner-fake-img' style='padding-bottom:50%; background-image:url(https:\/\/asfaltart.it\/wp-content\/uploads\/2025\/05\/TV-dorf-tirol-2025-300x150.jpg);'><\/span><\/a><\/div><div  class='slide-entry av-px88c8-b1ba85b78b58e3b84e4e3f50e0e533bb flex_column no_margin av_one_sixth real-thumbnail post-entry slide-entry-overview slide-loop-14 slide-parity-even  '><a href=\"https:\/\/www.hoteltermemerano.it\/de\/wellnesshotel-in-meran\/1-0.html\" data-rel='slide-1' class='slide-image' title=''  target=\"_blank\"  rel=\"noopener noreferrer\"><span class='av-partner-fake-img' style='padding-bottom:50%; background-image:url(https:\/\/asfaltart.it\/wp-content\/uploads\/2025\/04\/asfaltart_sponsor-2025-hotelterme-300x150.png);'><\/span><\/a><\/div><div  class='slide-entry av-oh75s8-a019f3d5417d24d7c4bf03dfb98c1253 flex_column no_margin av_one_sixth real-thumbnail post-entry slide-entry-overview slide-loop-15 slide-parity-odd  '><a href=\"https:\/\/www.termemerano.it\/\" data-rel='slide-1' class='slide-image' title=''  target=\"_blank\"  rel=\"noopener noreferrer\"><span class='av-partner-fake-img' style='padding-bottom:50%; background-image:url(https:\/\/asfaltart.it\/wp-content\/uploads\/2025\/04\/asfaltart_sponsor-2025-therme-300x150.png);'><\/span><\/a><\/div><div  class='slide-entry av-26h1zs-1-4403798a35c582efa8fb3cffac0dc948 flex_column no_margin av_one_sixth real-thumbnail post-entry slide-entry-overview slide-loop-16 slide-parity-even  '><a href=\"https:\/\/www.meran2000.com\/\" data-rel='slide-1' class='slide-image' title=''  target=\"_blank\"  rel=\"noopener noreferrer\"><span class='av-partner-fake-img' style='padding-bottom:50%; background-image:url(https:\/\/asfaltart.it\/wp-content\/uploads\/2024\/05\/asfaltart_sponsor-2025-meran2000-300x150.png);'><\/span><\/a><\/div><div  class='slide-entry av-lyoeyw-07f8a0f33e4f99428b7f037797cf01e5 flex_column no_margin av_one_sixth real-thumbnail post-entry slide-entry-overview slide-loop-17 slide-parity-odd  '><a href=\"https:\/\/www.innerhofer.it\/de\/sanit%C3%A4rtechnik\/1-0.html\" data-rel='slide-1' class='slide-image' title=''  target=\"_blank\"  rel=\"noopener noreferrer\"><span class='av-partner-fake-img' style='padding-bottom:50%; background-image:url(https:\/\/asfaltart.it\/wp-content\/uploads\/2025\/04\/asfaltart_sponsor-2025-innerhofer-300x150.png);'><\/span><\/a><\/div><div  class='slide-entry av-kvjt3c-10f71f9bd030d58d762ee24badf479e3 flex_column no_margin av_one_sixth real-thumbnail post-entry slide-entry-overview slide-loop-18 slide-parity-even  '><a href=\"https:\/\/www.meranofestival.com\/konzerte\" data-rel='slide-1' class='slide-image' title=''  target=\"_blank\"  rel=\"noopener noreferrer\"><span class='av-partner-fake-img' style='padding-bottom:50%; background-image:url(https:\/\/asfaltart.it\/wp-content\/uploads\/2025\/04\/asfaltart_sponsor-2025-suedtirolfestival-300x150.png);'><\/span><\/a><\/div><\/div><div class=\"slide-entry-wrap\"><div  class='slide-entry av-js2roo-4acd93865844bcecb3b44c401c227721 flex_column no_margin av_one_sixth real-thumbnail post-entry slide-entry-overview slide-loop-19 slide-parity-odd  first'><a href=\"https:\/\/skv.org\/\" data-rel='slide-1' class='slide-image' title=''  target=\"_blank\"  rel=\"noopener noreferrer\"><span class='av-partner-fake-img' style='padding-bottom:50%; background-image:url(https:\/\/asfaltart.it\/wp-content\/uploads\/2025\/04\/asfaltart_sponsor-2025-koecheverband-300x150.png);'><\/span><\/a><\/div><div  class='slide-entry av-h762qg-ae6111c367b318f995daee2dd014c5b6 flex_column no_margin av_one_sixth real-thumbnail post-entry slide-entry-overview slide-loop-20 slide-parity-even  '><a href=\"https:\/\/www.drschaer.com\/de\" data-rel='slide-1' class='slide-image' title=''  target=\"_blank\"  rel=\"noopener noreferrer\"><span class='av-partner-fake-img' style='padding-bottom:50%; background-image:url(https:\/\/asfaltart.it\/wp-content\/uploads\/2025\/04\/asfaltart_sponsor-2025-drschaer-300x150.png);'><\/span><\/a><\/div><div  class='slide-entry av-f6fjrc-4a2d4701cbe3dafb25a3d64a6894abe8 flex_column no_margin av_one_sixth real-thumbnail post-entry slide-entry-overview slide-loop-21 slide-parity-odd  '><a href=\"https:\/\/www.siebenfoercher.it\/\" data-rel='slide-1' class='slide-image' title=''  target=\"_blank\"  rel=\"noopener noreferrer\"><span class='av-partner-fake-img' style='padding-bottom:50%; background-image:url(https:\/\/asfaltart.it\/wp-content\/uploads\/2025\/04\/asfaltart_sponsor-2025-siebenfoercher-300x150.png);'><\/span><\/a><\/div><div  class='slide-entry av-dmp5tk-8dfceda1e6e4d4996e63ab9dae798f72 flex_column no_margin av_one_sixth real-thumbnail post-entry slide-entry-overview slide-loop-22 slide-parity-even  '><a href=\"http:\/\/www.elektroplantwaldner.it\/\" data-rel='slide-1' class='slide-image' title=''  target=\"_blank\"  rel=\"noopener noreferrer\"><span class='av-partner-fake-img' style='padding-bottom:50%; background-image:url(https:\/\/asfaltart.it\/wp-content\/uploads\/2025\/04\/asfaltart_sponsor-2025-plantwaldner-300x150.png);'><\/span><\/a><\/div><div  class='slide-entry av-ci6ee0-eaeefed0f65cac676c9da4836b7ec5e1 flex_column no_margin av_one_sixth real-thumbnail post-entry slide-entry-overview slide-loop-23 slide-parity-odd  '><a href=\"https:\/\/www.vigilio.com\/\" data-rel='slide-1' class='slide-image' title=''  target=\"_blank\"  rel=\"noopener noreferrer\"><span class='av-partner-fake-img' style='padding-bottom:50%; background-image:url(https:\/\/asfaltart.it\/wp-content\/uploads\/2025\/04\/asfaltart_sponsor-2025-vigiljoch-300x150.png);'><\/span><\/a><\/div><div  class='slide-entry av-aiyyfs-9c210f648fe0ecc4dc2b636c004ed1e4 flex_column no_margin av_one_sixth real-thumbnail post-entry slide-entry-overview slide-loop-24 slide-parity-even  '><a href=\"https:\/\/www.tida.it\/de\" data-rel='slide-1' class='slide-image' title=''  target=\"_blank\"  rel=\"noopener noreferrer\"><span class='av-partner-fake-img' style='padding-bottom:50%; background-image:url(https:\/\/asfaltart.it\/wp-content\/uploads\/2025\/04\/asfaltart_sponsor-2025-theater-300x150.png);'><\/span><\/a><\/div><\/div><div class=\"slide-entry-wrap\"><div  class='slide-entry av-8snxzc-fba023e1ae542acf58d43233ce7486d9 flex_column no_margin av_one_sixth real-thumbnail post-entry slide-entry-overview slide-loop-25 slide-parity-odd  first'><a href=\"https:\/\/www.fotoclubimmagine.net\/\" data-rel='slide-1' class='slide-image' title=''  target=\"_blank\"  rel=\"noopener noreferrer\"><span class='av-partner-fake-img' style='padding-bottom:50%; background-image:url(https:\/\/asfaltart.it\/wp-content\/uploads\/2025\/04\/FOTOCLUB-BFI-nero-2025-300x150.jpg);'><\/span><\/a><\/div><div  class='slide-entry av-77eoqg-425adf365cff83652cc2f0d8bf387a6d flex_column no_margin av_one_sixth real-thumbnail post-entry slide-entry-overview slide-loop-26 slide-parity-even  '><a href=\"http:\/\/www.teatropratiko.it\/\" data-rel='slide-1' class='slide-image' title=''  target=\"_blank\"  rel=\"noopener noreferrer\"><span class='av-partner-fake-img' style='padding-bottom:50%; background-image:url(https:\/\/asfaltart.it\/wp-content\/uploads\/2025\/04\/asfaltart_sponsor-2025-pratiko-300x150.png);'><\/span><\/a><\/div><div  class='slide-entry av-5chzrs-a0a661a6d5591558de35bad808d5029f flex_column no_margin av_one_sixth real-thumbnail post-entry slide-entry-overview slide-loop-27 slide-parity-odd  '><a href=\"https:\/\/www.filmclub.it\/de\/\" data-rel='slide-1' class='slide-image' title=''  target=\"_blank\"  rel=\"noopener noreferrer\"><span class='av-partner-fake-img' style='padding-bottom:50%; background-image:url(https:\/\/asfaltart.it\/wp-content\/uploads\/2025\/04\/asfaltart_sponsor-2025-filmclub-300x150.png);'><\/span><\/a><\/div><div  class='slide-entry av-26h1zs-e80ee1333d27668fbefa3d811e3e6d1d flex_column no_margin av_one_sixth real-thumbnail post-entry slide-entry-overview slide-loop-28 slide-parity-even  '><a href=\"https:\/\/www.karlpichler.it\/\" data-rel='slide-1' class='slide-image' title=''  target=\"_blank\"  rel=\"noopener noreferrer\"><span class='av-partner-fake-img' style='padding-bottom:50%; background-image:url(https:\/\/asfaltart.it\/wp-content\/uploads\/2025\/04\/asfaltart_sponsor-2025-karlpichler-300x150.png);'><\/span><\/a><\/div><div  class='slide-entry av-45jzwo-84257a90393a00dec286bc7842962553 flex_column no_margin av_one_sixth real-thumbnail post-entry slide-entry-overview slide-loop-29 slide-parity-odd  '><a href=\"https:\/\/www.lattemerano.it\/\" data-rel='slide-1' class='slide-image' title=''  target=\"_blank\"  rel=\"noopener noreferrer\"><span class='av-partner-fake-img' style='padding-bottom:50%; background-image:url(https:\/\/asfaltart.it\/wp-content\/uploads\/2025\/04\/milchhof-meran-sponsor-2025-300x150.jpg);'><\/span><\/a><\/div><div  class='slide-entry av-26h1zs-1-1-40995a336825b21effd267a783795167 flex_column no_margin av_one_sixth real-thumbnail post-entry slide-entry-overview slide-loop-30 slide-parity-even post-entry-last '><a href=\"https:\/\/www.gustahr.com\/\" data-rel='slide-1' class='slide-image' title=''  target=\"_blank\"  rel=\"noopener noreferrer\"><span class='av-partner-fake-img' style='padding-bottom:50%; background-image:url(https:\/\/asfaltart.it\/wp-content\/uploads\/2025\/04\/gustahr-logo-2025-300x150.png);'><\/span><\/a><\/div><\/div><\/div><\/div>\n<\/div>\n\t\t<\/div><\/div>\n","protected":false},"excerpt":{"rendered":"","protected":false},"author":1,"featured_media":1725,"comment_status":"closed","ping_status":"closed","template":"","meta":{"footnotes":""},"tags":[],"portfolio_entries":[79],"class_list":["post-2462","portfolio","type-portfolio","status-publish","has-post-thumbnail","hentry","portfolio_entries-strassenkunst-in-meran-it"],"yoast_head":"<!-- This site is optimized with the Yoast SEO plugin v27.5 - https:\/\/yoast.com\/product\/yoast-seo-wordpress\/ -->\n<title>Artisti di strada a Merano - asfaltart<\/title>\n<meta name=\"description\" content=\"Artisti di strada a Merano: Clown, ritrattisti, cantanti, giocolieri, statue viventi e mangiafuoco: dal 1\u00b0 dicembre 2016 \u2026\" \/>\n<meta name=\"robots\" content=\"index, follow, max-snippet:-1, max-image-preview:large, max-video-preview:-1\" \/>\n<link rel=\"canonical\" href=\"https:\/\/asfaltart.it\/it\/festival-arte-di-strada-merano\/artisti-di-strada-a-merano\/\" \/>\n<meta property=\"og:locale\" content=\"it_IT\" \/>\n<meta property=\"og:type\" content=\"article\" \/>\n<meta property=\"og:title\" content=\"Artisti di strada a Merano - asfaltart\" \/>\n<meta property=\"og:description\" content=\"Artisti di strada a Merano: Clown, ritrattisti, cantanti, giocolieri, statue viventi e mangiafuoco: dal 1\u00b0 dicembre 2016 \u2026\" \/>\n<meta property=\"og:url\" content=\"https:\/\/asfaltart.it\/it\/festival-arte-di-strada-merano\/artisti-di-strada-a-merano\/\" \/>\n<meta property=\"og:site_name\" content=\"asfaltart\" \/>\n<meta property=\"article:publisher\" content=\"https:\/\/www.facebook.com\/asfaltart\" \/>\n<meta property=\"article:modified_time\" content=\"2025-04-15T08:08:41+00:00\" \/>\n<meta property=\"og:image\" content=\"https:\/\/asfaltart.it\/wp-content\/uploads\/2021\/05\/kacheln11.png\" \/>\n\t<meta property=\"og:image:width\" content=\"1333\" \/>\n\t<meta property=\"og:image:height\" content=\"1063\" \/>\n\t<meta property=\"og:image:type\" content=\"image\/png\" \/>\n<meta name=\"twitter:card\" content=\"summary_large_image\" \/>\n<meta name=\"twitter:site\" content=\"@asfaltartmerano\" \/>\n<script type=\"application\/ld+json\" class=\"yoast-schema-graph\">{\"@context\":\"https:\\\/\\\/schema.org\",\"@graph\":[{\"@type\":\"WebPage\",\"@id\":\"https:\\\/\\\/asfaltart.it\\\/it\\\/festival-arte-di-strada-merano\\\/artisti-di-strada-a-merano\\\/\",\"url\":\"https:\\\/\\\/asfaltart.it\\\/it\\\/festival-arte-di-strada-merano\\\/artisti-di-strada-a-merano\\\/\",\"name\":\"Artisti di strada a Merano - asfaltart\",\"isPartOf\":{\"@id\":\"https:\\\/\\\/asfaltart.it\\\/it\\\/#website\"},\"primaryImageOfPage\":{\"@id\":\"https:\\\/\\\/asfaltart.it\\\/it\\\/festival-arte-di-strada-merano\\\/artisti-di-strada-a-merano\\\/#primaryimage\"},\"image\":{\"@id\":\"https:\\\/\\\/asfaltart.it\\\/it\\\/festival-arte-di-strada-merano\\\/artisti-di-strada-a-merano\\\/#primaryimage\"},\"thumbnailUrl\":\"https:\\\/\\\/asfaltart.it\\\/wp-content\\\/uploads\\\/2021\\\/05\\\/kacheln11.png\",\"datePublished\":\"2024-05-15T12:15:38+00:00\",\"dateModified\":\"2025-04-15T08:08:41+00:00\",\"description\":\"Artisti di strada a Merano: Clown, ritrattisti, cantanti, giocolieri, statue viventi e mangiafuoco: dal 1\u00b0 dicembre 2016 \u2026\",\"breadcrumb\":{\"@id\":\"https:\\\/\\\/asfaltart.it\\\/it\\\/festival-arte-di-strada-merano\\\/artisti-di-strada-a-merano\\\/#breadcrumb\"},\"inLanguage\":\"it-IT\",\"potentialAction\":[{\"@type\":\"ReadAction\",\"target\":[\"https:\\\/\\\/asfaltart.it\\\/it\\\/festival-arte-di-strada-merano\\\/artisti-di-strada-a-merano\\\/\"]}]},{\"@type\":\"ImageObject\",\"inLanguage\":\"it-IT\",\"@id\":\"https:\\\/\\\/asfaltart.it\\\/it\\\/festival-arte-di-strada-merano\\\/artisti-di-strada-a-merano\\\/#primaryimage\",\"url\":\"https:\\\/\\\/asfaltart.it\\\/wp-content\\\/uploads\\\/2021\\\/05\\\/kacheln11.png\",\"contentUrl\":\"https:\\\/\\\/asfaltart.it\\\/wp-content\\\/uploads\\\/2021\\\/05\\\/kacheln11.png\",\"width\":1333,\"height\":1063,\"caption\":\"Artisti di strada a Merano\"},{\"@type\":\"BreadcrumbList\",\"@id\":\"https:\\\/\\\/asfaltart.it\\\/it\\\/festival-arte-di-strada-merano\\\/artisti-di-strada-a-merano\\\/#breadcrumb\",\"itemListElement\":[{\"@type\":\"ListItem\",\"position\":1,\"name\":\"Startseite\",\"item\":\"https:\\\/\\\/asfaltart.it\\\/it\\\/\"},{\"@type\":\"ListItem\",\"position\":2,\"name\":\"Artisti di strada a Merano\"}]},{\"@type\":\"WebSite\",\"@id\":\"https:\\\/\\\/asfaltart.it\\\/it\\\/#website\",\"url\":\"https:\\\/\\\/asfaltart.it\\\/it\\\/\",\"name\":\"asfaltart\",\"description\":\"Festival d'Arte di Strada Merano, Alto Adige - Italia\",\"publisher\":{\"@id\":\"https:\\\/\\\/asfaltart.it\\\/it\\\/#organization\"},\"potentialAction\":[{\"@type\":\"SearchAction\",\"target\":{\"@type\":\"EntryPoint\",\"urlTemplate\":\"https:\\\/\\\/asfaltart.it\\\/it\\\/?s={search_term_string}\"},\"query-input\":{\"@type\":\"PropertyValueSpecification\",\"valueRequired\":true,\"valueName\":\"search_term_string\"}}],\"inLanguage\":\"it-IT\"},{\"@type\":\"Organization\",\"@id\":\"https:\\\/\\\/asfaltart.it\\\/it\\\/#organization\",\"name\":\"asfaltart\",\"url\":\"https:\\\/\\\/asfaltart.it\\\/it\\\/\",\"logo\":{\"@type\":\"ImageObject\",\"inLanguage\":\"it-IT\",\"@id\":\"https:\\\/\\\/asfaltart.it\\\/it\\\/#\\\/schema\\\/logo\\\/image\\\/\",\"url\":\"https:\\\/\\\/asfaltart.it\\\/wp-content\\\/uploads\\\/2021\\\/05\\\/asfaltart_credits.png\",\"contentUrl\":\"https:\\\/\\\/asfaltart.it\\\/wp-content\\\/uploads\\\/2021\\\/05\\\/asfaltart_credits.png\",\"width\":1030,\"height\":687,\"caption\":\"asfaltart\"},\"image\":{\"@id\":\"https:\\\/\\\/asfaltart.it\\\/it\\\/#\\\/schema\\\/logo\\\/image\\\/\"},\"sameAs\":[\"https:\\\/\\\/www.facebook.com\\\/asfaltart\",\"https:\\\/\\\/x.com\\\/asfaltartmerano\",\"https:\\\/\\\/www.instagram.com\\\/asfaltartfestivalmerano\\\/\"]}]}<\/script>\n<!-- \/ Yoast SEO plugin. -->","yoast_head_json":{"title":"Artisti di strada a Merano - asfaltart","description":"Artisti di strada a Merano: Clown, ritrattisti, cantanti, giocolieri, statue viventi e mangiafuoco: dal 1\u00b0 dicembre 2016 \u2026","robots":{"index":"index","follow":"follow","max-snippet":"max-snippet:-1","max-image-preview":"max-image-preview:large","max-video-preview":"max-video-preview:-1"},"canonical":"https:\/\/asfaltart.it\/it\/festival-arte-di-strada-merano\/artisti-di-strada-a-merano\/","og_locale":"it_IT","og_type":"article","og_title":"Artisti di strada a Merano - asfaltart","og_description":"Artisti di strada a Merano: Clown, ritrattisti, cantanti, giocolieri, statue viventi e mangiafuoco: dal 1\u00b0 dicembre 2016 \u2026","og_url":"https:\/\/asfaltart.it\/it\/festival-arte-di-strada-merano\/artisti-di-strada-a-merano\/","og_site_name":"asfaltart","article_publisher":"https:\/\/www.facebook.com\/asfaltart","article_modified_time":"2025-04-15T08:08:41+00:00","og_image":[{"width":1333,"height":1063,"url":"https:\/\/asfaltart.it\/wp-content\/uploads\/2021\/05\/kacheln11.png","type":"image\/png"}],"twitter_card":"summary_large_image","twitter_site":"@asfaltartmerano","schema":{"@context":"https:\/\/schema.org","@graph":[{"@type":"WebPage","@id":"https:\/\/asfaltart.it\/it\/festival-arte-di-strada-merano\/artisti-di-strada-a-merano\/","url":"https:\/\/asfaltart.it\/it\/festival-arte-di-strada-merano\/artisti-di-strada-a-merano\/","name":"Artisti di strada a Merano - asfaltart","isPartOf":{"@id":"https:\/\/asfaltart.it\/it\/#website"},"primaryImageOfPage":{"@id":"https:\/\/asfaltart.it\/it\/festival-arte-di-strada-merano\/artisti-di-strada-a-merano\/#primaryimage"},"image":{"@id":"https:\/\/asfaltart.it\/it\/festival-arte-di-strada-merano\/artisti-di-strada-a-merano\/#primaryimage"},"thumbnailUrl":"https:\/\/asfaltart.it\/wp-content\/uploads\/2021\/05\/kacheln11.png","datePublished":"2024-05-15T12:15:38+00:00","dateModified":"2025-04-15T08:08:41+00:00","description":"Artisti di strada a Merano: Clown, ritrattisti, cantanti, giocolieri, statue viventi e mangiafuoco: dal 1\u00b0 dicembre 2016 \u2026","breadcrumb":{"@id":"https:\/\/asfaltart.it\/it\/festival-arte-di-strada-merano\/artisti-di-strada-a-merano\/#breadcrumb"},"inLanguage":"it-IT","potentialAction":[{"@type":"ReadAction","target":["https:\/\/asfaltart.it\/it\/festival-arte-di-strada-merano\/artisti-di-strada-a-merano\/"]}]},{"@type":"ImageObject","inLanguage":"it-IT","@id":"https:\/\/asfaltart.it\/it\/festival-arte-di-strada-merano\/artisti-di-strada-a-merano\/#primaryimage","url":"https:\/\/asfaltart.it\/wp-content\/uploads\/2021\/05\/kacheln11.png","contentUrl":"https:\/\/asfaltart.it\/wp-content\/uploads\/2021\/05\/kacheln11.png","width":1333,"height":1063,"caption":"Artisti di strada a Merano"},{"@type":"BreadcrumbList","@id":"https:\/\/asfaltart.it\/it\/festival-arte-di-strada-merano\/artisti-di-strada-a-merano\/#breadcrumb","itemListElement":[{"@type":"ListItem","position":1,"name":"Startseite","item":"https:\/\/asfaltart.it\/it\/"},{"@type":"ListItem","position":2,"name":"Artisti di strada a Merano"}]},{"@type":"WebSite","@id":"https:\/\/asfaltart.it\/it\/#website","url":"https:\/\/asfaltart.it\/it\/","name":"asfaltart","description":"Festival d'Arte di Strada Merano, Alto Adige - Italia","publisher":{"@id":"https:\/\/asfaltart.it\/it\/#organization"},"potentialAction":[{"@type":"SearchAction","target":{"@type":"EntryPoint","urlTemplate":"https:\/\/asfaltart.it\/it\/?s={search_term_string}"},"query-input":{"@type":"PropertyValueSpecification","valueRequired":true,"valueName":"search_term_string"}}],"inLanguage":"it-IT"},{"@type":"Organization","@id":"https:\/\/asfaltart.it\/it\/#organization","name":"asfaltart","url":"https:\/\/asfaltart.it\/it\/","logo":{"@type":"ImageObject","inLanguage":"it-IT","@id":"https:\/\/asfaltart.it\/it\/#\/schema\/logo\/image\/","url":"https:\/\/asfaltart.it\/wp-content\/uploads\/2021\/05\/asfaltart_credits.png","contentUrl":"https:\/\/asfaltart.it\/wp-content\/uploads\/2021\/05\/asfaltart_credits.png","width":1030,"height":687,"caption":"asfaltart"},"image":{"@id":"https:\/\/asfaltart.it\/it\/#\/schema\/logo\/image\/"},"sameAs":["https:\/\/www.facebook.com\/asfaltart","https:\/\/x.com\/asfaltartmerano","https:\/\/www.instagram.com\/asfaltartfestivalmerano\/"]}]}},"_links":{"self":[{"href":"https:\/\/asfaltart.it\/it\/wp-json\/wp\/v2\/portfolio\/2462","targetHints":{"allow":["GET"]}}],"collection":[{"href":"https:\/\/asfaltart.it\/it\/wp-json\/wp\/v2\/portfolio"}],"about":[{"href":"https:\/\/asfaltart.it\/it\/wp-json\/wp\/v2\/types\/portfolio"}],"author":[{"embeddable":true,"href":"https:\/\/asfaltart.it\/it\/wp-json\/wp\/v2\/users\/1"}],"replies":[{"embeddable":true,"href":"https:\/\/asfaltart.it\/it\/wp-json\/wp\/v2\/comments?post=2462"}],"version-history":[{"count":0,"href":"https:\/\/asfaltart.it\/it\/wp-json\/wp\/v2\/portfolio\/2462\/revisions"}],"wp:featuredmedia":[{"embeddable":true,"href":"https:\/\/asfaltart.it\/it\/wp-json\/wp\/v2\/media\/1725"}],"wp:attachment":[{"href":"https:\/\/asfaltart.it\/it\/wp-json\/wp\/v2\/media?parent=2462"}],"wp:term":[{"taxonomy":"post_tag","embeddable":true,"href":"https:\/\/asfaltart.it\/it\/wp-json\/wp\/v2\/tags?post=2462"},{"taxonomy":"portfolio_entries","embeddable":true,"href":"https:\/\/asfaltart.it\/it\/wp-json\/wp\/v2\/portfolio_entries?post=2462"}],"curies":[{"name":"wp","href":"https:\/\/api.w.org\/{rel}","templated":true}]}}